{"id":4921,"date":"2026-08-10T11:14:02","date_gmt":"2026-08-10T09:14:02","guid":{"rendered":"https:\/\/lagea.onyx.casasoft.ch\/marktberichte\/"},"modified":"2026-09-03T10:06:45","modified_gmt":"2026-09-03T08:06:45","slug":"market-reports","status":"publish","type":"page","link":"https:\/\/lagea.ch\/en\/market-reports\/","title":{"rendered":"Market Reports for Sellers &amp; Buyers"},"content":{"rendered":"\n<div class=\"wp-block-casasoft-blocks-container  bg-white container-overlay cs-banner\"><div class=\"container-fluid\">\n<div class=\"wp-block-casasoft-blocks-image border-radius banner-image\"><img width=\"1920\" height=\"1280\" src=\"https:\/\/lagea.ch\/wp-content\/uploads\/sites\/44\/2026\/08\/marktberichte-immobilienmarkt-zug.webp\" class=\"cs-image img-fluid landscape full\" alt=\"Analyse von Immobilien-Marktdaten \u2013 Titelbild f\u00fcr Marktberichte f\u00fcr Verk\u00e4ufer und K\u00e4ufer\" loading=\"lazy\" decoding=\"async\" \/><\/div>\n\n\n\n<div class=\"wp-block-casasoft-blocks-container  bg-white no-horizontal-padding\"><div class=\"container\">\n<div class=\"wp-block-columns is-layout-flex wp-container-core-columns-is-layout-11235542 wp-block-columns-is-layout-flex\">\n<div class=\"wp-block-column is-layout-flow wp-block-column-is-layout-flow\">\n<div class=\"wp-block-casasoft-blocks-card cs-card no-border icon-normal medium-large bg-transparent\"><div class=\"cs-card-content\">\n<div class=\"wp-block-casasoft-blocks-heading cs-heading cs-heading--white has-custom-css wp-custom-css-664decc1\"><div class=\"cs-supertitle\">News<\/div><h1 class=\"\">Market reports for sellers and buyers<\/h1><\/div>\n\n\n\n<div class=\"wp-block-casasoft-blocks-flexwrapper d-flex flex-wrap gap-default  flex-lg-row justify-content-start\">\n<div><a class=\"btn btn-primary btn-primary--alt\" href=\"https:\/\/lagea.ch\/en\/guides-and-checklists\/\">Guides and checklists<\/a><\/div>\n<\/div>\n<\/div><\/div>\n<\/div>\n\n\n\n<div class=\"wp-block-column is-layout-flow wp-block-column-is-layout-flow\" style=\"flex-basis:40%\"><\/div>\n<\/div>\n<\/div><\/div>\n<\/div><\/div>\n\n\n\n<div class=\"wp-block-casasoft-blocks-container spacer-top-large spacer-bottom-large bg-white\"><div class=\"container\">\n<div class=\"wp-block-casasoft-blocks-heading cs-heading spacer-bottom-small\"><h2 class=\"\">News and market reports on the property market<\/h2><\/div>\n\n\n        <div class=\"blog-posts\">\n                            <div class=\"post-filters cs-filters spacer-bottom-large\">\n                    <form action=\"#\" id=\"postFilters\" method=\"POST\">\n                        <input type=\"hidden\" name=\"post_posts_per_page\" value=\"100000\">\n                        <input type=\"hidden\" name=\"post_columns\" value=\"3\">\n                        <input type=\"hidden\" name=\"post_categories_array\" value=\"Array\">\n                        <input type=\"hidden\" name=\"post_order\" value=\"DESC\">\n                        <input type=\"hidden\" name=\"post_orderby\" value=\"date\">\n                        <input type=\"hidden\" name=\"lang\" value=\"en\">\n                        <div class=\"row\">\n                            <div class=\"col-lg-4 margin-bottom-sm\">\n                                <div class=\"filter-element\">\n                                    <label class=\"cs-select-label\" for=\"postCategories\">\n                                        Categories                                    <\/label>\n                                    <select name=\"post_categories\" id=\"postCategories\" class=\"filter-select\">\n                                        <option value=\"\">All categories<\/option>\n                                        <option value=\"marktberichte\">Marktberichte<\/option><option value=\"objekte-referenzen\">Objekte &amp; Referenzen<\/option><option value=\"ratgeber\">Ratgeber<\/option>                                    <\/select>\n                                    <input type=\"hidden\" name=\"post_categories_chosen\" id=\"postCategoriesReal\" value=\"\">\n                                <\/div>\n                                \n                            <\/div>\n                            <div class=\"col-lg-4 margin-bottom-sm\">\n                                <div class=\"filter-element\">\n                                    <label class=\"cs-select-label\" for=\"postOrderby\">\n                                        Order by                                    <\/label>\n                                    <select name=\"post_orderby_chosen\" id=\"postOrderby\" class=\"filter-select\">\n                                        <option value=\"date\">Date<\/option>\n                                        <option value=\"title\">Title<\/option>\n                                    <\/select>\n                                <\/div>                               \n                            <\/div>\n                            <div class=\"col-lg-4 margin-bottom-sm\">\n                                <div class=\"filter-element\">\n                                    <label class=\"cs-select-label\" for=\"postOrder\">\n                                        Order                                    <\/label>\n                                    <select name=\"post_order_chosen\" id=\"postOrder\" class=\"filter-select\">\n                                        <option value=\"DESC\">Descending<\/option>\n                                        <option value=\"ASC\">Ascending<\/option>\n                                    <\/select>\n                                <\/div>                                \n                            <\/div>\n                        <\/div>\n                    <\/form>\n                <\/div>\n                        <div class=\"row\" id=\"postResults\">\n                                            <div class=\"col-xl-4 col-lg-6 margin-bottom-md\">\n                                <div class=\"blog-post\">\n    <a href=\"https:\/\/lagea.ch\/en\/immobilienmarkt-kanton-zug-2026-warum-mehr-baugesuche-die-preise-nicht-senken\/\" class=\"wrapping-link\" aria-label=\"Immobilienmarkt Kanton Zug 2026: Warum mehr Baugesuche die Preise nicht senken\"><\/a>\n    <div class=\"blog-post__image-outer\">\n                    <div class=\"blog-post__image lazyload\" data-bg=\"https:\/\/lagea.ch\/wp-content\/uploads\/sites\/44\/2026\/08\/immobilienmarkt-zug-baugesuche-2026-1024x1024.webp\"><\/div>\n            <\/div>                        \n    <div class=\"blog-post__inner\">\n                    <div class=\"blog-post__tags\">\n                                    <span class=\"d-inline-flex cs-text-default-xs color-silver weight-600 margin-bottom-s\">\n                        Marktberichte                    <\/span>\n                            <\/div>\n                <h3>\n            Immobilienmarkt Kanton Zug 2026: Warum mehr Baugesuche die Preise nicht senken        <\/h3>\n        <div class=\"blog-post__content margin-bottom-s\">\n                            Baut\u00e4tigkeit:Baugesuche f\u00fcr Mietwohnungen im Kanton Zug steigen im Vorjahresvergleich um\u00a025,8&hellip;                    <\/div>\n        <a class=\"cs-anchor-link cs-anchor-link--plus\" href=\"https:\/\/lagea.ch\/en\/immobilienmarkt-kanton-zug-2026-warum-mehr-baugesuche-die-preise-nicht-senken\/\">\n            Go to article        <\/a>\n    <\/div>\n<\/div>                            <\/div>\n                                                    <div class=\"col-xl-4 col-lg-6 margin-bottom-md\">\n                                <div class=\"blog-post\">\n    <a href=\"https:\/\/lagea.ch\/en\/immobilienmarkt-kanton-zug-marktbericht-juli-2026\/\" class=\"wrapping-link\" aria-label=\"Immobilienmarkt Kanton Zug Juli 2026 \u2013 Preise, Trends und Prognosen\"><\/a>\n    <div class=\"blog-post__image-outer\">\n                    <div class=\"blog-post__image lazyload\" data-bg=\"https:\/\/lagea.ch\/wp-content\/uploads\/sites\/44\/2026\/08\/marktbericht-immobilienmarkt-zug-juli-2026.webp\"><\/div>\n            <\/div>                        \n    <div class=\"blog-post__inner\">\n                    <div class=\"blog-post__tags\">\n                                    <span class=\"d-inline-flex cs-text-default-xs color-silver weight-600 margin-bottom-s\">\n                        Marktberichte                    <\/span>\n                            <\/div>\n                <h3>\n            Immobilienmarkt Kanton Zug Juli 2026 \u2013 Preise, Trends und Prognosen        <\/h3>\n        <div class=\"blog-post__content margin-bottom-s\">\n                            Hohe Nachfrage, begrenztes Angebot und ausgezeichnete Verkaufschancen f\u00fcr Eigent\u00fcmer Stand:&hellip;                    <\/div>\n        <a class=\"cs-anchor-link cs-anchor-link--plus\" href=\"https:\/\/lagea.ch\/en\/immobilienmarkt-kanton-zug-marktbericht-juli-2026\/\">\n            Go to article        <\/a>\n    <\/div>\n<\/div>                            <\/div>\n                                                    <div class=\"col-xl-4 col-lg-6 margin-bottom-md\">\n                                <div class=\"blog-post\">\n    <a href=\"https:\/\/lagea.ch\/en\/neue-regeln-gleiche-realitaet-der-immobilienmarkt-im-wandel\/\" class=\"wrapping-link\" aria-label=\"Neue Regeln, gleiche Realit\u00e4t: Der Immobilienmarkt im Wandel\"><\/a>\n    <div class=\"blog-post__image-outer\">\n                    <div class=\"blog-post__image lazyload\" data-bg=\"https:\/\/lagea.ch\/wp-content\/uploads\/sites\/44\/2026\/08\/lex-koller-immobilienmarkt-schweiz-1024x683.webp\"><\/div>\n            <\/div>                        \n    <div class=\"blog-post__inner\">\n                    <div class=\"blog-post__tags\">\n                                    <span class=\"d-inline-flex cs-text-default-xs color-silver weight-600 margin-bottom-s\">\n                        Marktberichte                    <\/span>\n                            <\/div>\n                <h3>\n            Neue Regeln, gleiche Realit\u00e4t: Der Immobilienmarkt im Wandel        <\/h3>\n        <div class=\"blog-post__content margin-bottom-s\">\n                            Wem geh\u00f6rt die Schweiz von morgen?In letzter Zeit h\u00f6rt man&hellip;                    <\/div>\n        <a class=\"cs-anchor-link cs-anchor-link--plus\" href=\"https:\/\/lagea.ch\/en\/neue-regeln-gleiche-realitaet-der-immobilienmarkt-im-wandel\/\">\n            Go to article        <\/a>\n    <\/div>\n<\/div>                            <\/div>\n                                                    <div class=\"col-xl-4 col-lg-6 margin-bottom-md\">\n                                <div class=\"blog-post\">\n    <a href=\"https:\/\/lagea.ch\/en\/mallorca-im-fokus-diese-lagen-garantieren-den-besten-immobilienkauf\/\" class=\"wrapping-link\" aria-label=\"Mallorca im Fokus: Diese Lagen garantieren den besten Immobilienkauf\"><\/a>\n    <div class=\"blog-post__image-outer\">\n                    <div class=\"blog-post__image lazyload\" data-bg=\"https:\/\/lagea.ch\/wp-content\/uploads\/sites\/44\/2026\/08\/mallorca-immobilien-beste-lagen-1024x683.webp\"><\/div>\n            <\/div>                        \n    <div class=\"blog-post__inner\">\n                    <div class=\"blog-post__tags\">\n                                    <span class=\"d-inline-flex cs-text-default-xs color-silver weight-600 margin-bottom-s\">\n                        Marktberichte                    <\/span>\n                            <\/div>\n                <h3>\n            Mallorca im Fokus: Diese Lagen garantieren den besten Immobilienkauf        <\/h3>\n        <div class=\"blog-post__content margin-bottom-s\">\n                            Mallorca z\u00e4hlt seit Jahren zu den begehrtesten Immobilienm\u00e4rkten Europas. Die&hellip;                    <\/div>\n        <a class=\"cs-anchor-link cs-anchor-link--plus\" href=\"https:\/\/lagea.ch\/en\/mallorca-im-fokus-diese-lagen-garantieren-den-besten-immobilienkauf\/\">\n            Go to article        <\/a>\n    <\/div>\n<\/div>                            <\/div>\n                                                    <div class=\"col-xl-4 col-lg-6 margin-bottom-md\">\n                                <div class=\"blog-post\">\n    <a href=\"https:\/\/lagea.ch\/en\/einfamilienhaeuser-markt-nimmt-tempo-raus-regionale-unterschiede-werden-deutlicher\/\" class=\"wrapping-link\" aria-label=\"Einfamilienh\u00e4user: Markt nimmt Tempo raus \u2013 regionale Unterschiede werden deutlicher\"><\/a>\n    <div class=\"blog-post__image-outer\">\n                    <div class=\"blog-post__image lazyload\" data-bg=\"https:\/\/lagea.ch\/wp-content\/uploads\/sites\/44\/2026\/08\/insertionsdauer-einfamilienhaeuser-schweiz-1024x512.webp\"><\/div>\n            <\/div>                        \n    <div class=\"blog-post__inner\">\n                    <div class=\"blog-post__tags\">\n                                    <span class=\"d-inline-flex cs-text-default-xs color-silver weight-600 margin-bottom-s\">\n                        Marktberichte                    <\/span>\n                            <\/div>\n                <h3>\n            Einfamilienh\u00e4user: Markt nimmt Tempo raus \u2013 regionale Unterschiede werden deutlicher        <\/h3>\n        <div class=\"blog-post__content margin-bottom-s\">\n                            Das starke Angebotswachstum bei Einfamilienh\u00e4usern aus dem Vorjahr setzte sich&hellip;                    <\/div>\n        <a class=\"cs-anchor-link cs-anchor-link--plus\" href=\"https:\/\/lagea.ch\/en\/einfamilienhaeuser-markt-nimmt-tempo-raus-regionale-unterschiede-werden-deutlicher\/\">\n            Go to article        <\/a>\n    <\/div>\n<\/div>                            <\/div>\n                                                    <div class=\"col-xl-4 col-lg-6 margin-bottom-md\">\n                                <div class=\"blog-post\">\n    <a href=\"https:\/\/lagea.ch\/en\/mietpreise-in-der-schweiz-wo-es-teurer-wird-und-wo-nicht\/\" class=\"wrapping-link\" aria-label=\"Mietpreise in der Schweiz \u2013 wo es teurer wird und wo nicht\"><\/a>\n    <div class=\"blog-post__image-outer\">\n                    <div class=\"blog-post__image lazyload\" data-bg=\"https:\/\/lagea.ch\/wp-content\/uploads\/sites\/44\/2026\/08\/mietpreise-schweiz-entwicklung-1024x683.webp\"><\/div>\n            <\/div>                        \n    <div class=\"blog-post__inner\">\n                    <div class=\"blog-post__tags\">\n                                    <span class=\"d-inline-flex cs-text-default-xs color-silver weight-600 margin-bottom-s\">\n                        Marktberichte                    <\/span>\n                            <\/div>\n                <h3>\n            Mietpreise in der Schweiz \u2013 wo es teurer wird und wo nicht        <\/h3>\n        <div class=\"blog-post__content margin-bottom-s\">\n                            Die Mieten in der Schweiz steigen weiter. Im Durchschnitt sind&hellip;                    <\/div>\n        <a class=\"cs-anchor-link cs-anchor-link--plus\" href=\"https:\/\/lagea.ch\/en\/mietpreise-in-der-schweiz-wo-es-teurer-wird-und-wo-nicht\/\">\n            Go to article        <\/a>\n    <\/div>\n<\/div>                            <\/div>\n                                                    <div class=\"col-xl-4 col-lg-6 margin-bottom-md\">\n                                <div class=\"blog-post\">\n    <a href=\"https:\/\/lagea.ch\/en\/immobilienpreise-in-luzern-und-zug-schiessen-weiter-in-die-hoehe-was-der-neue-nullzins-damit-zu-tun-hat\/\" class=\"wrapping-link\" aria-label=\"Immobilienpreise in Luzern und Zug schie\u00dfen weiter in die H\u00f6he \u2013 was der neue Nullzins damit zu tun hat\"><\/a>\n    <div class=\"blog-post__image-outer\">\n                    <div class=\"blog-post__image lazyload\" data-bg=\"https:\/\/lagea.ch\/wp-content\/uploads\/sites\/44\/2026\/08\/immobilienpreise-luzern-zug-nullzins.webp\"><\/div>\n            <\/div>                        \n    <div class=\"blog-post__inner\">\n                    <div class=\"blog-post__tags\">\n                                    <span class=\"d-inline-flex cs-text-default-xs color-silver weight-600 margin-bottom-s\">\n                        Marktberichte                    <\/span>\n                            <\/div>\n                <h3>\n            Immobilienpreise in Luzern und Zug schie\u00dfen weiter in die H\u00f6he \u2013 was der neue Nullzins damit zu tun hat        <\/h3>\n        <div class=\"blog-post__content margin-bottom-s\">\n                            Der Traum vom Eigenheim r\u00fcckt f\u00fcr viele in der Zentralschweiz&hellip;                    <\/div>\n        <a class=\"cs-anchor-link cs-anchor-link--plus\" href=\"https:\/\/lagea.ch\/en\/immobilienpreise-in-luzern-und-zug-schiessen-weiter-in-die-hoehe-was-der-neue-nullzins-damit-zu-tun-hat\/\">\n            Go to article        <\/a>\n    <\/div>\n<\/div>                            <\/div>\n                                                    <div class=\"col-xl-4 col-lg-6 margin-bottom-md\">\n                                <div class=\"blog-post\">\n    <a href=\"https:\/\/lagea.ch\/en\/der-traum-vom-eigenheim-fuer-viele-bleibt-er-unerreichbar\/\" class=\"wrapping-link\" aria-label=\"Der Traum vom Eigenheim \u2013 f\u00fcr viele bleibt er unerreichbar\"><\/a>\n    <div class=\"blog-post__image-outer\">\n                    <div class=\"blog-post__image lazyload\" data-bg=\"https:\/\/lagea.ch\/wp-content\/uploads\/sites\/44\/2026\/08\/traum-vom-eigenheim-schweiz.webp\"><\/div>\n            <\/div>                        \n    <div class=\"blog-post__inner\">\n                    <div class=\"blog-post__tags\">\n                                    <span class=\"d-inline-flex cs-text-default-xs color-silver weight-600 margin-bottom-s\">\n                        Marktberichte                    <\/span>\n                            <\/div>\n                <h3>\n            Der Traum vom Eigenheim \u2013 f\u00fcr viele bleibt er unerreichbar        <\/h3>\n        <div class=\"blog-post__content margin-bottom-s\">\n                            Die eigenen vier W\u00e4nde, ein Ort f\u00fcr die Familie, ein&hellip;                    <\/div>\n        <a class=\"cs-anchor-link cs-anchor-link--plus\" href=\"https:\/\/lagea.ch\/en\/der-traum-vom-eigenheim-fuer-viele-bleibt-er-unerreichbar\/\">\n            Go to article        <\/a>\n    <\/div>\n<\/div>                            <\/div>\n                                                    <div class=\"col-xl-4 col-lg-6 margin-bottom-md\">\n                                <div class=\"blog-post\">\n    <a href=\"https:\/\/lagea.ch\/en\/eigenmietwert-was-eigenheimbesitzer-wissen-sollten\/\" class=\"wrapping-link\" aria-label=\"Eigenmietwert \u2013 was Eigenheimbesitzer wissen sollten\"><\/a>\n    <div class=\"blog-post__image-outer\">\n                    <div class=\"blog-post__image lazyload\" data-bg=\"https:\/\/lagea.ch\/wp-content\/uploads\/sites\/44\/2026\/08\/eigenmietwert-eigenheim-steuern-1024x683.webp\"><\/div>\n            <\/div>                        \n    <div class=\"blog-post__inner\">\n                    <div class=\"blog-post__tags\">\n                                    <span class=\"d-inline-flex cs-text-default-xs color-silver weight-600 margin-bottom-s\">\n                        Ratgeber                    <\/span>\n                            <\/div>\n                <h3>\n            Eigenmietwert \u2013 was Eigenheimbesitzer wissen sollten        <\/h3>\n        <div class=\"blog-post__content margin-bottom-s\">\n                            Wer in der Schweiz ein Eigenheim besitzt, profitiert zwar vom&hellip;                    <\/div>\n        <a class=\"cs-anchor-link cs-anchor-link--plus\" href=\"https:\/\/lagea.ch\/en\/eigenmietwert-was-eigenheimbesitzer-wissen-sollten\/\">\n            Go to article        <\/a>\n    <\/div>\n<\/div>                            <\/div>\n                                                    <div class=\"col-xl-4 col-lg-6 margin-bottom-md\">\n                                <div class=\"blog-post\">\n    <a href=\"https:\/\/lagea.ch\/en\/zuerich-will-aeltere-eigentuemer-vor-zwangsverkauf-schuetzen\/\" class=\"wrapping-link\" aria-label=\"Z\u00fcrich will \u00e4ltere Eigent\u00fcmer vor Zwangsverkauf sch\u00fctzen\"><\/a>\n    <div class=\"blog-post__image-outer\">\n                    <div class=\"blog-post__image lazyload\" data-bg=\"https:\/\/lagea.ch\/wp-content\/uploads\/sites\/44\/2026\/08\/eigenmietwert-zwangsverkauf-zuerich-1024x683.webp\"><\/div>\n            <\/div>                        \n    <div class=\"blog-post__inner\">\n                    <div class=\"blog-post__tags\">\n                                    <span class=\"d-inline-flex cs-text-default-xs color-silver weight-600 margin-bottom-s\">\n                        Ratgeber                    <\/span>\n                            <\/div>\n                <h3>\n            Z\u00fcrich will \u00e4ltere Eigent\u00fcmer vor Zwangsverkauf sch\u00fctzen        <\/h3>\n        <div class=\"blog-post__content margin-bottom-s\">\n                            Der Eigenmietwert ist f\u00fcr viele Hauseigent\u00fcmer ein altbekanntes \u00c4rgernis \u2013&hellip;                    <\/div>\n        <a class=\"cs-anchor-link cs-anchor-link--plus\" href=\"https:\/\/lagea.ch\/en\/zuerich-will-aeltere-eigentuemer-vor-zwangsverkauf-schuetzen\/\">\n            Go to article        <\/a>\n    <\/div>\n<\/div>                            <\/div>\n                                                    <div class=\"col-xl-4 col-lg-6 margin-bottom-md\">\n                                <div class=\"blog-post\">\n    <a href=\"https:\/\/lagea.ch\/en\/wenn-das-zuhause-zu-gross-wird-neue-chancen-fuer-die-generation-60\/\" class=\"wrapping-link\" aria-label=\"Wenn das Zuhause zu gross wird \u2013 neue Chancen f\u00fcr die Generation 60+\"><\/a>\n    <div class=\"blog-post__image-outer\">\n                    <div class=\"blog-post__image lazyload\" data-bg=\"https:\/\/lagea.ch\/wp-content\/uploads\/sites\/44\/2026\/08\/wohnen-im-alter-generation-60plus-1024x683.webp\"><\/div>\n            <\/div>                        \n    <div class=\"blog-post__inner\">\n                    <div class=\"blog-post__tags\">\n                                    <span class=\"d-inline-flex cs-text-default-xs color-silver weight-600 margin-bottom-s\">\n                        Ratgeber                    <\/span>\n                            <\/div>\n                <h3>\n            Wenn das Zuhause zu gross wird \u2013 neue Chancen f\u00fcr die Generation 60+        <\/h3>\n        <div class=\"blog-post__content margin-bottom-s\">\n                            Wohnsystem Schweiz: Zu wenig Angebote f\u00fcr den Wohnwandel im AlterViele&hellip;                    <\/div>\n        <a class=\"cs-anchor-link cs-anchor-link--plus\" href=\"https:\/\/lagea.ch\/en\/wenn-das-zuhause-zu-gross-wird-neue-chancen-fuer-die-generation-60\/\">\n            Go to article        <\/a>\n    <\/div>\n<\/div>                            <\/div>\n                                                    <div class=\"col-xl-4 col-lg-6 margin-bottom-md\">\n                                <div class=\"blog-post\">\n    <a href=\"https:\/\/lagea.ch\/en\/vista-lago-luxusvilla-in-kastanienbaum\/\" class=\"wrapping-link\" aria-label=\"VISTA LAGO \u2013 Luxusvilla in Kastanienbaum\"><\/a>\n    <div class=\"blog-post__image-outer\">\n                    <div class=\"blog-post__image lazyload\" data-bg=\"https:\/\/lagea.ch\/wp-content\/uploads\/sites\/44\/2026\/08\/vista-lago-luxusvilla-kastanienbaum.webp\"><\/div>\n            <\/div>                        \n    <div class=\"blog-post__inner\">\n                    <div class=\"blog-post__tags\">\n                                    <span class=\"d-inline-flex cs-text-default-xs color-silver weight-600 margin-bottom-s\">\n                        Objekte &amp; Referenzen                    <\/span>\n                            <\/div>\n                <h3>\n            VISTA LAGO \u2013 Luxusvilla in Kastanienbaum        <\/h3>\n        <div class=\"blog-post__content margin-bottom-s\">\n                            Die Villa VISTA LAGO am Vierwaldst\u00e4ttersee bietet exklusives Wohnen auf&hellip;                    <\/div>\n        <a class=\"cs-anchor-link cs-anchor-link--plus\" href=\"https:\/\/lagea.ch\/en\/vista-lago-luxusvilla-in-kastanienbaum\/\">\n            Go to article        <\/a>\n    <\/div>\n<\/div>                            <\/div>\n                                                    <div class=\"col-xl-4 col-lg-6 margin-bottom-md\">\n                                <div class=\"blog-post\">\n    <a href=\"https:\/\/lagea.ch\/en\/%f0%9f%8f%a1-panorama-grosses-einfamilienhaus-in-unteraegeri-zg-%f0%9f%8f%a1\/\" class=\"wrapping-link\" aria-label=\"\ud83c\udfe1 PANORAMA \u2013 Grosses Einfamilienhaus in Unter\u00e4geri ZG \ud83c\udfe1\"><\/a>\n    <div class=\"blog-post__image-outer\">\n                    <div class=\"blog-post__image lazyload\" data-bg=\"https:\/\/lagea.ch\/wp-content\/uploads\/sites\/44\/2026\/08\/panorama-einfamilienhaus-unteraegeri-1024x767.webp\"><\/div>\n            <\/div>                        \n    <div class=\"blog-post__inner\">\n                    <div class=\"blog-post__tags\">\n                                    <span class=\"d-inline-flex cs-text-default-xs color-silver weight-600 margin-bottom-s\">\n                        Objekte &amp; Referenzen                    <\/span>\n                            <\/div>\n                <h3>\n            \ud83c\udfe1 PANORAMA \u2013 Grosses Einfamilienhaus in Unter\u00e4geri ZG \ud83c\udfe1        <\/h3>\n        <div class=\"blog-post__content margin-bottom-s\">\n                            \u2728 Traumhaftes 10-Zimmer-Einfamilienhaus mit Einliegerwohnung und Indoor-Pool! \u2728\ud83d\udccd Lage: Unter\u00e4geri,&hellip;                    <\/div>\n        <a class=\"cs-anchor-link cs-anchor-link--plus\" href=\"https:\/\/lagea.ch\/en\/%f0%9f%8f%a1-panorama-grosses-einfamilienhaus-in-unteraegeri-zg-%f0%9f%8f%a1\/\">\n            Go to article        <\/a>\n    <\/div>\n<\/div>                            <\/div>\n                                                    <div class=\"col-xl-4 col-lg-6 margin-bottom-md\">\n                                <div class=\"blog-post\">\n    <a href=\"https:\/\/lagea.ch\/en\/%e2%9c%a8-hochkaraetiges-wohnbauprojekt-in-zuerich-seebach-%e2%9c%a8\/\" class=\"wrapping-link\" aria-label=\"\u2728 Hochkar\u00e4tiges Wohnbauprojekt in Z\u00fcrich-Seebach \u2728\"><\/a>\n    <div class=\"blog-post__image-outer\">\n                    <div class=\"blog-post__image lazyload\" data-bg=\"https:\/\/lagea.ch\/wp-content\/uploads\/sites\/44\/2026\/08\/wohnbauprojekt-zuerich-seebach-1024x767.webp\"><\/div>\n            <\/div>                        \n    <div class=\"blog-post__inner\">\n                    <div class=\"blog-post__tags\">\n                                    <span class=\"d-inline-flex cs-text-default-xs color-silver weight-600 margin-bottom-s\">\n                        Objekte &amp; Referenzen                    <\/span>\n                            <\/div>\n                <h3>\n            \u2728 Hochkar\u00e4tiges Wohnbauprojekt in Z\u00fcrich-Seebach \u2728        <\/h3>\n        <div class=\"blog-post__content margin-bottom-s\">\n                            \ud83d\udd39 Exklusive Gelegenheit zur Realisierung eines vielversprechenden Wohnbauprojekts in einem&hellip;                    <\/div>\n        <a class=\"cs-anchor-link cs-anchor-link--plus\" href=\"https:\/\/lagea.ch\/en\/%e2%9c%a8-hochkaraetiges-wohnbauprojekt-in-zuerich-seebach-%e2%9c%a8\/\">\n            Go to article        <\/a>\n    <\/div>\n<\/div>                            <\/div>\n                                                    <div class=\"col-xl-4 col-lg-6 margin-bottom-md\">\n                                <div class=\"blog-post\">\n    <a href=\"https:\/\/lagea.ch\/en\/schweizer-immobilienmarkt-preistrends\/\" class=\"wrapping-link\" aria-label=\"Schweizer Immobilienmarkt: Preistrends\"><\/a>\n    <div class=\"blog-post__image-outer\">\n                    <div class=\"blog-post__image lazyload\" data-bg=\"https:\/\/lagea.ch\/wp-content\/uploads\/sites\/44\/2026\/08\/richard-luedi-immobilienmarkt-preistrends-1024x659.webp\"><\/div>\n            <\/div>                        \n    <div class=\"blog-post__inner\">\n                    <div class=\"blog-post__tags\">\n                                    <span class=\"d-inline-flex cs-text-default-xs color-silver weight-600 margin-bottom-s\">\n                        Marktberichte                    <\/span>\n                            <\/div>\n                <h3>\n            Schweizer Immobilienmarkt: Preistrends        <\/h3>\n        <div class=\"blog-post__content margin-bottom-s\">\n                            Lage A Immobilien pr\u00e4sentiert:Schweizer Immobilienmarkt: Preistrends Einfamilienh\u00e4user:In der Schweizer Liegenschaftsbranche&hellip;                    <\/div>\n        <a class=\"cs-anchor-link cs-anchor-link--plus\" href=\"https:\/\/lagea.ch\/en\/schweizer-immobilienmarkt-preistrends\/\">\n            Go to article        <\/a>\n    <\/div>\n<\/div>                            <\/div>\n                                                    <div class=\"col-xl-4 col-lg-6 margin-bottom-md\">\n                                <div class=\"blog-post\">\n    <a href=\"https:\/\/lagea.ch\/en\/immobilienverkaeufer-brauchen-mehr-geduld-realistische-preiserwartungen-sind-unverzichtbar\/\" class=\"wrapping-link\" aria-label=\"Immobilienverk\u00e4ufer brauchen mehr Geduld \u2013 Realistische Preiserwartungen sind unverzichtbar\"><\/a>\n    <div class=\"blog-post__image-outer\">\n                    <div class=\"blog-post__image lazyload\" data-bg=\"https:\/\/lagea.ch\/wp-content\/uploads\/sites\/44\/2026\/08\/immobilienverkauf-geduld-preiserwartungen-1024x683.webp\"><\/div>\n            <\/div>                        \n    <div class=\"blog-post__inner\">\n                    <div class=\"blog-post__tags\">\n                                    <span class=\"d-inline-flex cs-text-default-xs color-silver weight-600 margin-bottom-s\">\n                        Ratgeber                    <\/span>\n                            <\/div>\n                <h3>\n            Immobilienverk\u00e4ufer brauchen mehr Geduld \u2013 Realistische Preiserwartungen sind unverzichtbar        <\/h3>\n        <div class=\"blog-post__content margin-bottom-s\">\n                            \u2728 Von Ihrem Immobilienexperten Richard L\u00fcdi, Lage A Immobilien \u2728&hellip;                    <\/div>\n        <a class=\"cs-anchor-link cs-anchor-link--plus\" href=\"https:\/\/lagea.ch\/en\/immobilienverkaeufer-brauchen-mehr-geduld-realistische-preiserwartungen-sind-unverzichtbar\/\">\n            Go to article        <\/a>\n    <\/div>\n<\/div>                            <\/div>\n                                                    <div class=\"col-xl-4 col-lg-6 margin-bottom-md\">\n                                <div class=\"blog-post\">\n    <a href=\"https:\/\/lagea.ch\/en\/%f0%9f%8c%9f%f0%9f%8f%a0%e2%9c%a8-breaking-news-aus-der-welt-der-immobilien-mit-ihrem-erfolgsmakler-richard-luedi-%f0%9f%8c%9f%f0%9f%8f%a0%e2%9c%a8\/\" class=\"wrapping-link\" aria-label=\"\ud83c\udf1f\ud83c\udfe0\u2728 Breaking News aus der Welt der Immobilien mit Ihrem Erfolgsmakler Richard L\u00fcdi! \ud83c\udf1f\ud83c\udfe0\u2728\"><\/a>\n    <div class=\"blog-post__image-outer\">\n                    <div class=\"blog-post__image lazyload\" data-bg=\"https:\/\/lagea.ch\/wp-content\/uploads\/sites\/44\/2026\/08\/immobilienbewertung-haus-lupe-1024x530.webp\"><\/div>\n            <\/div>                        \n    <div class=\"blog-post__inner\">\n                    <div class=\"blog-post__tags\">\n                                    <span class=\"d-inline-flex cs-text-default-xs color-silver weight-600 margin-bottom-s\">\n                        Objekte &amp; Referenzen                    <\/span>\n                            <\/div>\n                <h3>\n            \ud83c\udf1f\ud83c\udfe0\u2728 Breaking News aus der Welt der Immobilien mit Ihrem Erfolgsmakler Richard L\u00fcdi! \ud83c\udf1f\ud83c\udfe0\u2728        <\/h3>\n        <div class=\"blog-post__content margin-bottom-s\">\n                            \ud83c\udf1f\ud83c\udfe0\u2728 Breaking News aus der Welt der Immobilien mit Ihrem&hellip;                    <\/div>\n        <a class=\"cs-anchor-link cs-anchor-link--plus\" href=\"https:\/\/lagea.ch\/en\/%f0%9f%8c%9f%f0%9f%8f%a0%e2%9c%a8-breaking-news-aus-der-welt-der-immobilien-mit-ihrem-erfolgsmakler-richard-luedi-%f0%9f%8c%9f%f0%9f%8f%a0%e2%9c%a8\/\">\n            Go to article        <\/a>\n    <\/div>\n<\/div>                            <\/div>\n                                                    <div class=\"col-xl-4 col-lg-6 margin-bottom-md\">\n                                <div class=\"blog-post\">\n    <a href=\"https:\/\/lagea.ch\/en\/%f0%9f%8f%a0-wohnsituation-in-zug-darum-gehts-%f0%9f%8f%a0\/\" class=\"wrapping-link\" aria-label=\"\ud83c\udfe0 Wohnsituation in Zug: Darum geht\u2019s \ud83c\udfe0\"><\/a>\n    <div class=\"blog-post__image-outer\">\n                    <div class=\"blog-post__image lazyload\" data-bg=\"https:\/\/lagea.ch\/wp-content\/uploads\/sites\/44\/2026\/08\/wohnsituation-zug-mietmarkt-1024x683.webp\"><\/div>\n            <\/div>                        \n    <div class=\"blog-post__inner\">\n                    <div class=\"blog-post__tags\">\n                                    <span class=\"d-inline-flex cs-text-default-xs color-silver weight-600 margin-bottom-s\">\n                        Marktberichte                    <\/span>\n                            <\/div>\n                <h3>\n            \ud83c\udfe0 Wohnsituation in Zug: Darum geht\u2019s \ud83c\udfe0        <\/h3>\n        <div class=\"blog-post__content margin-bottom-s\">\n                            \ud83c\udfe0 Wohnsituation in Zug: Darum geht\u2019s \ud83c\udfe0\ud83d\udd0d Wer in der&hellip;                    <\/div>\n        <a class=\"cs-anchor-link cs-anchor-link--plus\" href=\"https:\/\/lagea.ch\/en\/%f0%9f%8f%a0-wohnsituation-in-zug-darum-gehts-%f0%9f%8f%a0\/\">\n            Go to article        <\/a>\n    <\/div>\n<\/div>                            <\/div>\n                                                    <div class=\"col-xl-4 col-lg-6 margin-bottom-md\">\n                                <div class=\"blog-post\">\n    <a href=\"https:\/\/lagea.ch\/en\/erfolgreich-verkauft-in-steinhausen-zug-kundenfeedback\/\" class=\"wrapping-link\" aria-label=\"Erfolgreich verkauft in Steinhausen Zug! Kundenfeedback\"><\/a>\n    <div class=\"blog-post__image-outer\">\n                    <div class=\"blog-post__image lazyload\" data-bg=\"https:\/\/lagea.ch\/wp-content\/uploads\/sites\/44\/2026\/08\/erfolgreich-verkauft-steinhausen-home-staging-1024x683.webp\"><\/div>\n            <\/div>                        \n    <div class=\"blog-post__inner\">\n                    <div class=\"blog-post__tags\">\n                                    <span class=\"d-inline-flex cs-text-default-xs color-silver weight-600 margin-bottom-s\">\n                        Objekte &amp; Referenzen                    <\/span>\n                            <\/div>\n                <h3>\n            Erfolgreich verkauft in Steinhausen Zug! Kundenfeedback        <\/h3>\n        <div class=\"blog-post__content margin-bottom-s\">\n                            \u201cDie offene, effiziente und professionelle Zusammenarbeit sowie die Abwicklung des&hellip;                    <\/div>\n        <a class=\"cs-anchor-link cs-anchor-link--plus\" href=\"https:\/\/lagea.ch\/en\/erfolgreich-verkauft-in-steinhausen-zug-kundenfeedback\/\">\n            Go to article        <\/a>\n    <\/div>\n<\/div>                            <\/div>\n                                                    <div class=\"col-xl-4 col-lg-6 margin-bottom-md\">\n                                <div class=\"blog-post\">\n    <a href=\"https:\/\/lagea.ch\/en\/bauland-in-der-zentralschweiz\/\" class=\"wrapping-link\" aria-label=\"Bauland in der Zentralschweiz\"><\/a>\n    <div class=\"blog-post__image-outer\">\n                    <div class=\"blog-post__image lazyload\" data-bg=\"https:\/\/lagea.ch\/wp-content\/uploads\/sites\/44\/2026\/08\/bauland-zentralschweiz-luftaufnahme-1024x768.webp\"><\/div>\n            <\/div>                        \n    <div class=\"blog-post__inner\">\n                    <div class=\"blog-post__tags\">\n                                    <span class=\"d-inline-flex cs-text-default-xs color-silver weight-600 margin-bottom-s\">\n                        Marktberichte                    <\/span>\n                            <\/div>\n                <h3>\n            Bauland in der Zentralschweiz        <\/h3>\n        <div class=\"blog-post__content margin-bottom-s\">\n                            Bauland in der Schweiz: Chancen und HerausforderungenBauland ist in der&hellip;                    <\/div>\n        <a class=\"cs-anchor-link cs-anchor-link--plus\" href=\"https:\/\/lagea.ch\/en\/bauland-in-der-zentralschweiz\/\">\n            Go to article        <\/a>\n    <\/div>\n<\/div>                            <\/div>\n                                                    <div class=\"col-xl-4 col-lg-6 margin-bottom-md\">\n                                <div class=\"blog-post\">\n    <a href=\"https:\/\/lagea.ch\/en\/immobilienpreisfindung-in-der-schweiz-so-finden-sie-den-optimalen-preis-fuer-ihre-immobilie\/\" class=\"wrapping-link\" aria-label=\"Immobilienpreisfindung in der Schweiz: So finden Sie den optimalen Preis f\u00fcr Ihre Immobilie\"><\/a>\n    <div class=\"blog-post__image-outer\">\n                    <div class=\"blog-post__image lazyload\" data-bg=\"https:\/\/lagea.ch\/wp-content\/uploads\/sites\/44\/2026\/08\/immobilienpreisfindung-hausuebergabe-1024x768.webp\"><\/div>\n            <\/div>                        \n    <div class=\"blog-post__inner\">\n                    <div class=\"blog-post__tags\">\n                                    <span class=\"d-inline-flex cs-text-default-xs color-silver weight-600 margin-bottom-s\">\n                        Ratgeber                    <\/span>\n                            <\/div>\n                <h3>\n            Immobilienpreisfindung in der Schweiz: So finden Sie den optimalen Preis f\u00fcr Ihre Immobilie        <\/h3>\n        <div class=\"blog-post__content margin-bottom-s\">\n                            \ud83c\udfe0\ud83d\udcb0 Wie findet man den richtigen Preis f\u00fcr seine Immobilie&hellip;                    <\/div>\n        <a class=\"cs-anchor-link cs-anchor-link--plus\" href=\"https:\/\/lagea.ch\/en\/immobilienpreisfindung-in-der-schweiz-so-finden-sie-den-optimalen-preis-fuer-ihre-immobilie\/\">\n            Go to article        <\/a>\n    <\/div>\n<\/div>                            <\/div>\n                                                    <div class=\"col-xl-4 col-lg-6 margin-bottom-md\">\n                                <div class=\"blog-post\">\n    <a href=\"https:\/\/lagea.ch\/en\/die-bedeutung-der-hedonischen-immobilienbewertung-in-der-schweiz\/\" class=\"wrapping-link\" aria-label=\"Die Bedeutung der hedonischen Immobilienbewertung in der Schweiz\"><\/a>\n    <div class=\"blog-post__image-outer\">\n                    <div class=\"blog-post__image lazyload\" data-bg=\"https:\/\/lagea.ch\/wp-content\/uploads\/sites\/44\/2026\/08\/immobilienbewertung-haus-lupe-1024x530.webp\"><\/div>\n            <\/div>                        \n    <div class=\"blog-post__inner\">\n                    <div class=\"blog-post__tags\">\n                                    <span class=\"d-inline-flex cs-text-default-xs color-silver weight-600 margin-bottom-s\">\n                        Ratgeber                    <\/span>\n                            <\/div>\n                <h3>\n            Die Bedeutung der hedonischen Immobilienbewertung in der Schweiz        <\/h3>\n        <div class=\"blog-post__content margin-bottom-s\">\n                            Immobilienbewertung und ImmobilienvermarktungIn der Schweizer Immobilienbranche wird immer h\u00e4ufiger die&hellip;                    <\/div>\n        <a class=\"cs-anchor-link cs-anchor-link--plus\" href=\"https:\/\/lagea.ch\/en\/die-bedeutung-der-hedonischen-immobilienbewertung-in-der-schweiz\/\">\n            Go to article        <\/a>\n    <\/div>\n<\/div>                            <\/div>\n                                                    <div class=\"col-xl-4 col-lg-6 margin-bottom-md\">\n                                <div class=\"blog-post\">\n    <a href=\"https:\/\/lagea.ch\/en\/kanton-zug-in-sechs-gemeinden-sinken-die-steuern\/\" class=\"wrapping-link\" aria-label=\"Kanton Zug: In sechs Gemeinden sinken die Steuern\"><\/a>\n    <div class=\"blog-post__image-outer\">\n                    <div class=\"blog-post__image lazyload\" data-bg=\"https:\/\/lagea.ch\/wp-content\/uploads\/sites\/44\/2026\/08\/kanton-zug-steuersenkung-gemeinden.webp\"><\/div>\n            <\/div>                        \n    <div class=\"blog-post__inner\">\n                    <div class=\"blog-post__tags\">\n                                    <span class=\"d-inline-flex cs-text-default-xs color-silver weight-600 margin-bottom-s\">\n                        Marktberichte                    <\/span>\n                            <\/div>\n                <h3>\n            Kanton Zug: In sechs Gemeinden sinken die Steuern        <\/h3>\n        <div class=\"blog-post__content margin-bottom-s\">\n                            Viele Zuger Steuerzahlerinnen und Steuerzahler erwartet in diesem Jahr eine&hellip;                    <\/div>\n        <a class=\"cs-anchor-link cs-anchor-link--plus\" href=\"https:\/\/lagea.ch\/en\/kanton-zug-in-sechs-gemeinden-sinken-die-steuern\/\">\n            Go to article        <\/a>\n    <\/div>\n<\/div>                            <\/div>\n                                                    <div class=\"col-xl-4 col-lg-6 margin-bottom-md\">\n                                <div class=\"blog-post\">\n    <a href=\"https:\/\/lagea.ch\/en\/begehrtes-wohneigentum-und-allzeithoch-bei-mallorca-immobilien\/\" class=\"wrapping-link\" aria-label=\"Begehrtes Wohneigentum und Allzeithoch bei Mallorca Immobilien\"><\/a>\n    <div class=\"blog-post__image-outer\">\n                    <div class=\"blog-post__image lazyload\" data-bg=\"https:\/\/lagea.ch\/wp-content\/uploads\/sites\/44\/2026\/08\/wohnungsbesichtigung-anmeldung-hero.svg\"><\/div>\n            <\/div>                        \n    <div class=\"blog-post__inner\">\n                    <div class=\"blog-post__tags\">\n                                    <span class=\"d-inline-flex cs-text-default-xs color-silver weight-600 margin-bottom-s\">\n                        Marktberichte                    <\/span>\n                            <\/div>\n                <h3>\n            Begehrtes Wohneigentum und Allzeithoch bei Mallorca Immobilien        <\/h3>\n        <div class=\"blog-post__content margin-bottom-s\">\n                            In diesen Sommernews stellen wir Ihnen neue Immobilien vor Ort&hellip;                    <\/div>\n        <a class=\"cs-anchor-link cs-anchor-link--plus\" href=\"https:\/\/lagea.ch\/en\/begehrtes-wohneigentum-und-allzeithoch-bei-mallorca-immobilien\/\">\n            Go to article        <\/a>\n    <\/div>\n<\/div>                            <\/div>\n                                    <\/div>\n            <div class=\"btn-outer d-flex justify-content-center spacer-top-small\">\n                <div class=\"btn btn-primary btn--loadmore\" id=\"postLoadMore\" role=\"button\" style=\"display:none;\">\n                    Show more posts                <\/div>\n            <\/div>\n            <div id=\"spinnerResults\" class=\"spinner-outer d-none\">\n                <svg class=\"spinner\" viewBox=\"0 0 50 50\">\n                    <circle class=\"path\" cx=\"25\" cy=\"25\" r=\"20\" fill=\"none\" stroke-width=\"5\"><\/circle>\n                <\/svg>\n            <\/div>\n        <\/div>\n        <script>\n        var post_posts = {\"post_type\":\"post\",\"ignore_sticky_posts\":true,\"post_status\":\"publish\",\"posts_per_page\":100000},\n            posts_category = '',\n            post_current_page = 1,\n            post_posts_per_page = 100000,\n            post_current_lang = 'en',\n            post_columns = 3,\n            post_max_page = 1;\n    <\/script>\n    <\/div><\/div>\n\n\n\n<div class=\"wp-block-casasoft-blocks-container spacer-top-large spacer-bottom-large bg-light\"><div class=\"container\">\n<div class=\"wp-block-casasoft-blocks-heading cs-heading\"><h2 class=\"\">What is your property worth?<\/h2><\/div>\n\n\n\n<div class=\"wp-block-casasoft-blocks-flexwrapper d-flex flex-wrap gap-default  flex-lg-row justify-content-start\">\n<div><a class=\"btn btn-primary \" href=\"https:\/\/lagea.ch\/en\/property-valuation\/\">Value your property now<\/a><\/div>\n\n\n\n<div><a class=\"btn btn-primary \" href=\"https:\/\/lagea.ch\/en\/about-us\/\">About us<\/a><\/div>\n<\/div>\n<\/div><\/div>\n","protected":false},"excerpt":{"rendered":"","protected":false},"author":1,"featured_media":0,"parent":0,"menu_order":0,"comment_status":"closed","ping_status":"closed","template":"","meta":{"_acf_changed":false,"inline_featured_image":false,"footnotes":""},"class_list":["post-4921","page","type-page","status-publish","hentry"],"acf":[],"yoast_head":"<!-- This site is optimized with the Yoast SEO Premium plugin v24.5 (Yoast SEO v28.4) - https:\/\/yoast.com\/product\/yoast-seo-premium-wordpress\/ -->\n<title>News &amp; Market Reports Property Market Zug | LAGE A<\/title>\n<meta name=\"description\" content=\"Current news, market reports and insights into the property market in Zug and Central Switzerland. Stay informed and stay ahead.\" \/>\n<meta name=\"robots\" content=\"index, follow, max-snippet:-1, max-image-preview:large, max-video-preview:-1\" \/>\n<link rel=\"canonical\" href=\"https:\/\/lagea.ch\/en\/market-reports\/\" \/>\n<meta property=\"og:locale\" content=\"en_US\" \/>\n<meta property=\"og:type\" content=\"article\" \/>\n<meta property=\"og:title\" content=\"Market Reports for Sellers &amp; Buyers\" \/>\n<meta property=\"og:description\" content=\"Current news, market reports and insights into the property market in Zug and Central Switzerland. Stay informed and stay ahead.\" \/>\n<meta property=\"og:url\" content=\"https:\/\/lagea.ch\/en\/market-reports\/\" \/>\n<meta property=\"og:site_name\" content=\"LAGE A AG\" \/>\n<meta property=\"article:modified_time\" content=\"2026-09-03T08:06:45+00:00\" \/>\n<meta property=\"og:image\" content=\"https:\/\/lagea.ch\/wp-content\/uploads\/sites\/44\/2026\/08\/marktberichte-immobilienmarkt-zug.webp\" \/>\n\t<meta property=\"og:image:width\" content=\"2400\" \/>\n\t<meta property=\"og:image:height\" content=\"1600\" \/>\n\t<meta property=\"og:image:type\" content=\"image\/webp\" \/>\n<meta name=\"twitter:card\" content=\"summary_large_image\" \/>\n<meta name=\"twitter:label1\" content=\"Est. reading time\" \/>\n\t<meta name=\"twitter:data1\" content=\"1 minute\" \/>\n<script type=\"application\/ld+json\" class=\"yoast-schema-graph\">{\"@context\":\"https:\\\/\\\/schema.org\",\"@graph\":[{\"@type\":\"WebPage\",\"@id\":\"https:\\\/\\\/lagea.ch\\\/en\\\/market-reports\\\/\",\"url\":\"https:\\\/\\\/lagea.ch\\\/en\\\/market-reports\\\/\",\"name\":\"News & Market Reports Property Market Zug | LAGE A\",\"isPartOf\":{\"@id\":\"https:\\\/\\\/lagea.ch\\\/en\\\/#website\"},\"primaryImageOfPage\":{\"@id\":\"https:\\\/\\\/lagea.ch\\\/en\\\/market-reports\\\/#primaryimage\"},\"image\":{\"@id\":\"https:\\\/\\\/lagea.ch\\\/en\\\/market-reports\\\/#primaryimage\"},\"thumbnailUrl\":\"https:\\\/\\\/lagea.ch\\\/wp-content\\\/uploads\\\/sites\\\/44\\\/2026\\\/08\\\/marktberichte-immobilienmarkt-zug.webp\",\"datePublished\":\"2026-08-10T09:14:02+00:00\",\"dateModified\":\"2026-09-03T08:06:45+00:00\",\"description\":\"Current news, market reports and insights into the property market in Zug and Central Switzerland. Stay informed and stay ahead.\",\"breadcrumb\":{\"@id\":\"https:\\\/\\\/lagea.ch\\\/en\\\/market-reports\\\/#breadcrumb\"},\"inLanguage\":\"en-US\",\"potentialAction\":[{\"@type\":\"ReadAction\",\"target\":[\"https:\\\/\\\/lagea.ch\\\/en\\\/market-reports\\\/\"]}]},{\"@type\":\"ImageObject\",\"inLanguage\":\"en-US\",\"@id\":\"https:\\\/\\\/lagea.ch\\\/en\\\/market-reports\\\/#primaryimage\",\"url\":\"https:\\\/\\\/lagea.ch\\\/wp-content\\\/uploads\\\/sites\\\/44\\\/2026\\\/08\\\/marktberichte-immobilienmarkt-zug.webp\",\"contentUrl\":\"https:\\\/\\\/lagea.ch\\\/wp-content\\\/uploads\\\/sites\\\/44\\\/2026\\\/08\\\/marktberichte-immobilienmarkt-zug.webp\"},{\"@type\":\"BreadcrumbList\",\"@id\":\"https:\\\/\\\/lagea.ch\\\/en\\\/market-reports\\\/#breadcrumb\",\"itemListElement\":[{\"@type\":\"ListItem\",\"position\":1,\"name\":\"Start\",\"item\":\"https:\\\/\\\/lagea.ch\\\/en\\\/\"},{\"@type\":\"ListItem\",\"position\":2,\"name\":\"Market Reports for Sellers &amp; Buyers\"}]},{\"@type\":\"WebSite\",\"@id\":\"https:\\\/\\\/lagea.ch\\\/en\\\/#website\",\"url\":\"https:\\\/\\\/lagea.ch\\\/en\\\/\",\"name\":\"LAGE A AG\",\"description\":\"\",\"publisher\":{\"@id\":\"https:\\\/\\\/lagea.ch\\\/en\\\/#organization\"},\"potentialAction\":[{\"@type\":\"SearchAction\",\"target\":{\"@type\":\"EntryPoint\",\"urlTemplate\":\"https:\\\/\\\/lagea.ch\\\/en\\\/?s={search_term_string}\"},\"query-input\":{\"@type\":\"PropertyValueSpecification\",\"valueRequired\":true,\"valueName\":\"search_term_string\"}}],\"inLanguage\":\"en-US\"},{\"@type\":[\"Organization\",\"RealEstateAgent\",\"LocalBusiness\"],\"@id\":\"https:\\\/\\\/lagea.ch\\\/en\\\/#organization\",\"name\":\"LAGE A AG\",\"url\":\"https:\\\/\\\/lagea.ch\\\/en\\\/\",\"logo\":{\"@type\":\"ImageObject\",\"inLanguage\":\"en-US\",\"@id\":\"https:\\\/\\\/lagea.ch\\\/en\\\/#\\\/schema\\\/logo\\\/image\\\/\",\"url\":\"https:\\\/\\\/lagea.ch\\\/wp-content\\\/uploads\\\/sites\\\/44\\\/2026\\\/08\\\/lage-a-immobilien-logo.svg\",\"contentUrl\":\"https:\\\/\\\/lagea.ch\\\/wp-content\\\/uploads\\\/sites\\\/44\\\/2026\\\/08\\\/lage-a-immobilien-logo.svg\",\"caption\":\"LAGE A AG\"},\"image\":{\"@id\":\"https:\\\/\\\/lagea.ch\\\/en\\\/#\\\/schema\\\/logo\\\/image\\\/\"},\"sameAs\":[\"https:\\\/\\\/www.instagram.com\\\/lage_a_ag\",\"https:\\\/\\\/www.youtube.com\\\/@LageAImmobilien\",\"https:\\\/\\\/www.linkedin.com\\\/company\\\/lagea-ag\\\/\"],\"address\":{\"@type\":\"PostalAddress\",\"streetAddress\":\"Neugasse 18\",\"postalCode\":\"6300\",\"addressLocality\":\"Zug\",\"addressCountry\":\"CH\"},\"telephone\":\"+41 41 727 62 62\",\"email\":\"info@lagea.ch\",\"priceRange\":\"$$$\",\"areaServed\":[{\"@type\":\"AdministrativeArea\",\"name\":\"Kanton Zug\"},{\"@type\":\"AdministrativeArea\",\"name\":\"Kanton Schwyz\"},{\"@type\":\"AdministrativeArea\",\"name\":\"Kanton Nidwalden\"},{\"@type\":\"AdministrativeArea\",\"name\":\"Kanton Obwalden\"}],\"knowsLanguage\":[\"de-CH\",\"en\"]}]}<\/script>\n<!-- \/ Yoast SEO Premium plugin. -->","yoast_head_json":{"title":"News & Market Reports Property Market Zug | LAGE A","description":"Current news, market reports and insights into the property market in Zug and Central Switzerland. Stay informed and stay ahead.","robots":{"index":"index","follow":"follow","max-snippet":"max-snippet:-1","max-image-preview":"max-image-preview:large","max-video-preview":"max-video-preview:-1"},"canonical":"https:\/\/lagea.ch\/en\/market-reports\/","og_locale":"en_US","og_type":"article","og_title":"Market Reports for Sellers &amp; Buyers","og_description":"Current news, market reports and insights into the property market in Zug and Central Switzerland. Stay informed and stay ahead.","og_url":"https:\/\/lagea.ch\/en\/market-reports\/","og_site_name":"LAGE A AG","article_modified_time":"2026-09-03T08:06:45+00:00","og_image":[{"width":2400,"height":1600,"url":"https:\/\/lagea.ch\/wp-content\/uploads\/sites\/44\/2026\/08\/marktberichte-immobilienmarkt-zug.webp","type":"image\/webp"}],"twitter_card":"summary_large_image","twitter_misc":{"Est. reading time":"1 minute"},"schema":{"@context":"https:\/\/schema.org","@graph":[{"@type":"WebPage","@id":"https:\/\/lagea.ch\/en\/market-reports\/","url":"https:\/\/lagea.ch\/en\/market-reports\/","name":"News & Market Reports Property Market Zug | LAGE A","isPartOf":{"@id":"https:\/\/lagea.ch\/en\/#website"},"primaryImageOfPage":{"@id":"https:\/\/lagea.ch\/en\/market-reports\/#primaryimage"},"image":{"@id":"https:\/\/lagea.ch\/en\/market-reports\/#primaryimage"},"thumbnailUrl":"https:\/\/lagea.ch\/wp-content\/uploads\/sites\/44\/2026\/08\/marktberichte-immobilienmarkt-zug.webp","datePublished":"2026-08-10T09:14:02+00:00","dateModified":"2026-09-03T08:06:45+00:00","description":"Current news, market reports and insights into the property market in Zug and Central Switzerland. Stay informed and stay ahead.","breadcrumb":{"@id":"https:\/\/lagea.ch\/en\/market-reports\/#breadcrumb"},"inLanguage":"en-US","potentialAction":[{"@type":"ReadAction","target":["https:\/\/lagea.ch\/en\/market-reports\/"]}]},{"@type":"ImageObject","inLanguage":"en-US","@id":"https:\/\/lagea.ch\/en\/market-reports\/#primaryimage","url":"https:\/\/lagea.ch\/wp-content\/uploads\/sites\/44\/2026\/08\/marktberichte-immobilienmarkt-zug.webp","contentUrl":"https:\/\/lagea.ch\/wp-content\/uploads\/sites\/44\/2026\/08\/marktberichte-immobilienmarkt-zug.webp"},{"@type":"BreadcrumbList","@id":"https:\/\/lagea.ch\/en\/market-reports\/#breadcrumb","itemListElement":[{"@type":"ListItem","position":1,"name":"Start","item":"https:\/\/lagea.ch\/en\/"},{"@type":"ListItem","position":2,"name":"Market Reports for Sellers &amp; Buyers"}]},{"@type":"WebSite","@id":"https:\/\/lagea.ch\/en\/#website","url":"https:\/\/lagea.ch\/en\/","name":"LAGE A AG","description":"","publisher":{"@id":"https:\/\/lagea.ch\/en\/#organization"},"potentialAction":[{"@type":"SearchAction","target":{"@type":"EntryPoint","urlTemplate":"https:\/\/lagea.ch\/en\/?s={search_term_string}"},"query-input":{"@type":"PropertyValueSpecification","valueRequired":true,"valueName":"search_term_string"}}],"inLanguage":"en-US"},{"@type":["Organization","RealEstateAgent","LocalBusiness"],"@id":"https:\/\/lagea.ch\/en\/#organization","name":"LAGE A AG","url":"https:\/\/lagea.ch\/en\/","logo":{"@type":"ImageObject","inLanguage":"en-US","@id":"https:\/\/lagea.ch\/en\/#\/schema\/logo\/image\/","url":"https:\/\/lagea.ch\/wp-content\/uploads\/sites\/44\/2026\/08\/lage-a-immobilien-logo.svg","contentUrl":"https:\/\/lagea.ch\/wp-content\/uploads\/sites\/44\/2026\/08\/lage-a-immobilien-logo.svg","caption":"LAGE A AG"},"image":{"@id":"https:\/\/lagea.ch\/en\/#\/schema\/logo\/image\/"},"sameAs":["https:\/\/www.instagram.com\/lage_a_ag","https:\/\/www.youtube.com\/@LageAImmobilien","https:\/\/www.linkedin.com\/company\/lagea-ag\/"],"address":{"@type":"PostalAddress","streetAddress":"Neugasse 18","postalCode":"6300","addressLocality":"Zug","addressCountry":"CH"},"telephone":"+41 41 727 62 62","email":"info@lagea.ch","priceRange":"$$$","areaServed":[{"@type":"AdministrativeArea","name":"Kanton Zug"},{"@type":"AdministrativeArea","name":"Kanton Schwyz"},{"@type":"AdministrativeArea","name":"Kanton Nidwalden"},{"@type":"AdministrativeArea","name":"Kanton Obwalden"}],"knowsLanguage":["de-CH","en"]}]}},"_links":{"self":[{"href":"https:\/\/lagea.ch\/en\/wp-json\/wp\/v2\/pages\/4921","targetHints":{"allow":["GET"]}}],"collection":[{"href":"https:\/\/lagea.ch\/en\/wp-json\/wp\/v2\/pages"}],"about":[{"href":"https:\/\/lagea.ch\/en\/wp-json\/wp\/v2\/types\/page"}],"author":[{"embeddable":true,"href":"https:\/\/lagea.ch\/en\/wp-json\/wp\/v2\/users\/1"}],"replies":[{"embeddable":true,"href":"https:\/\/lagea.ch\/en\/wp-json\/wp\/v2\/comments?post=4921"}],"version-history":[{"count":1,"href":"https:\/\/lagea.ch\/en\/wp-json\/wp\/v2\/pages\/4921\/revisions"}],"predecessor-version":[{"id":4922,"href":"https:\/\/lagea.ch\/en\/wp-json\/wp\/v2\/pages\/4921\/revisions\/4922"}],"wp:attachment":[{"href":"https:\/\/lagea.ch\/en\/wp-json\/wp\/v2\/media?parent=4921"}],"curies":[{"name":"wp","href":"https:\/\/api.w.org\/{rel}","templated":true}]}}